{"id":1456,"date":"2020-01-24T00:24:07","date_gmt":"2020-01-23T22:24:07","guid":{"rendered":"https:\/\/stresscongress.org\/?page_id=1456"},"modified":"2020-02-11T22:58:16","modified_gmt":"2020-02-11T20:58:16","slug":"gdpr","status":"publish","type":"page","link":"https:\/\/stresscongress.org\/en\/gdpr\/","title":{"rendered":"GDPR"},"content":{"rendered":"<p class=\"MsoNormal\" style=\"margin-bottom: .0001pt; text-align: center; line-height: normal;\" align=\"center\"><b><span style=\"font-size: 12.0pt;\">INFORMARE <\/span><\/b><\/p>\n<p class=\"MsoNormal\" style=\"margin-bottom: .0001pt; text-align: center; line-height: normal;\" align=\"center\"><b><span style=\"font-size: 12.0pt;\">PRIVIND PRELUCRAREA DATELOR CU CARACTER PERSONAL<\/span><\/b><\/p>\n<hr \/>\n<p class=\"MsoNormal\" style=\"margin-bottom: .0001pt; text-align: justify; line-height: normal;\">Av\u00e2nd \u00een vedere noile reglement\u0103ri cu privire la protec\u021bia datelor cu caracter personal, introduse prin Regulamentul UE 2016\/679, \u201cGDPR\u201d, ce reprezint\u0103 baza legisla\u021biei privind prelucrarea datelor cu caracter personal \u0219i a protec\u021biei acestor date pentru toate \u021b\u0103rile membre UE, dorim s\u0103 v\u0103 garant\u0103m angajamentul nostru ferm de a procesa datele Dvs. personale \u00een mod transparent, securizat \u0219i cu respectarea tuturor drepturilor de care beneficia\u021bi conform legii. \u00cen acest scop, reg\u0103si\u021bi \u00een continuare elementele principale pe care consider\u0103m c\u0103 este util s\u0103 le cunoa\u0219te\u021bi pe aceast\u0103 tem\u0103, \u00een calitatea Dvs. de \u201c<span lang=\"RO\" style=\"mso-ansi-language: RO;\">persoan\u0103 vizat\u0103<\/span>\u201d.<\/p>\n<p class=\"MsoNormal\" style=\"margin-bottom: .0001pt; text-align: justify; line-height: normal;\"><span style=\"font-size: 8.0pt;\">\u00a0<\/span><\/p>\n<div style=\"mso-element: para-border-div; border: solid windowtext 1.0pt; mso-border-alt: solid windowtext .5pt; padding: 1.0pt 4.0pt 1.0pt 4.0pt; background: #E2EFD9; mso-background-themecolor: accent6; mso-background-themetint: 51;\">\n<p class=\"MsoNormal\" style=\"margin-bottom: .0001pt; text-align: center; line-height: normal; background: #E2EFD9; mso-background-themecolor: accent6; mso-background-themetint: 51; border: none; mso-border-alt: solid windowtext .5pt; padding: 0in; mso-padding-alt: 1.0pt 4.0pt 1.0pt 4.0pt;\" align=\"center\"><b><i>Ce <\/i><\/b><b><i><span lang=\"RO\" style=\"mso-ansi-language: RO;\">\u00eenseamn\u0103 prelucrarea datelor<\/span><\/i><\/b><\/p>\n<\/div>\n<p class=\"MsoNormal\" style=\"margin-bottom: .0001pt; text-align: justify; line-height: normal;\"><span lang=\"RO\" style=\"font-size: 8.0pt; mso-ansi-language: RO;\">\u00a0<\/span><\/p>\n<p class=\"MsoNormal\" style=\"margin-bottom: .0001pt; text-align: justify; line-height: normal;\">Conform Regulamentului UE 2016\/679, prin \u201eprelucrare de date\u201d se \u00een\u021belege orice opera\u021biune sau set de opera\u021biuni efectuate asupra datelor cu caracter personal sau asupra seturilor de date cu caracter personal, cu sau f\u0103r\u0103 utilizarea de mijloace automatizate, cum ar fi colectarea, \u00eenregistrarea, organizarea, structurarea, stocarea, adaptarea sau modificarea, extragerea, consultarea, utilizarea, divulgarea prin transmitere, diseminarea sau punerea la dispozi\u021bie \u00een orice alt mod, alinierea sau combinarea, restric\u021bionarea, \u0219tergerea sau distrugerea.<\/p>\n<p class=\"MsoNormal\" style=\"margin-bottom: .0001pt; text-align: justify; line-height: normal;\"><span style=\"font-size: 8.0pt;\">\u00a0<\/span><\/p>\n<div style=\"mso-element: para-border-div; border: solid windowtext 1.0pt; mso-border-alt: solid windowtext .5pt; padding: 1.0pt 4.0pt 1.0pt 4.0pt; background: #E2EFD9; mso-background-themecolor: accent6; mso-background-themetint: 51;\">\n<p class=\"MsoNormal\" style=\"margin-bottom: .0001pt; text-align: center; line-height: normal; background: #E2EFD9; mso-background-themecolor: accent6; mso-background-themetint: 51; border: none; mso-border-alt: solid windowtext .5pt; padding: 0in; mso-padding-alt: 1.0pt 4.0pt 1.0pt 4.0pt;\" align=\"center\"><b><i>Informa\u021bii privind operatorul datelor Dvs.<\/i><\/b><\/p>\n<\/div>\n<p class=\"MsoNormal\" style=\"margin-bottom: .0001pt; text-align: center; line-height: normal;\" align=\"center\"><i><span style=\"font-size: 8.0pt;\">\u00a0<\/span><\/i><\/p>\n<p class=\"MsoNormal\" style=\"margin-bottom: .0001pt; text-align: justify; line-height: normal;\">\u00cen calitatea sa de operator de date cu caracter personal, Funda<span lang=\"RO\" style=\"mso-ansi-language: RO;\">\u021b<\/span>ia Ana Aslan Interna\u021bional va avea \u00eentotdeauna \u00een vedere ca prelucrarea de date s\u0103 fie caracterizat\u0103 de legalitate, echitate \u0219i transparen\u021b\u0103, datele solicitate fiind adecvate, relevante \u0219i limitate la ceea ce este necesar \u00een raport cu scopurile \u00een care sunt prelucrate.<\/p>\n<p class=\"MsoNormal\" style=\"margin-bottom: .0001pt; line-height: normal;\"><span style=\"font-size: 8.0pt;\">\u00a0<\/span><\/p>\n<p class=\"MsoNormal\" style=\"margin-bottom: .0001pt; text-align: justify; line-height: normal;\">Datele operatorului: Funda\u021bia Ana Aslan Interna\u021bional, <a name=\"_Hlk31295986\"><\/a>P-\u021ba M. Kogalniceanu, nr. 1, ap. 17, sect. 5, Bucure\u0219ti, tel\/fax: 021-312.46.96, e-mail: <a href=\"mailto:office@anaaslanacademy.ro\"><span style=\"mso-bookmark: _Hlk31295986;\">office@anaaslanacademy.ro<\/span><\/a>.<\/p>\n<p class=\"MsoNormal\" style=\"margin-bottom: .0001pt; text-align: justify; line-height: normal;\"><span style=\"font-size: 8.0pt;\">\u00a0<\/span><\/p>\n<p class=\"MsoNormal\" style=\"margin-bottom: .0001pt; text-align: justify; line-height: normal;\">Date de contact ale Responsabilului cu protec\u021bia datelor: P-\u021ba M. Kogalniceanu, nr. 1, ap. 17, sect. 5, Bucure\u0219ti, tel\/fax: 021-312.46.96, e-mail: <a href=\"mailto:dpo@anaaslanacademy.ro\">dpo@anaaslanacademy.ro<\/a><span class=\"MsoHyperlink\"><span style=\"color: windowtext; text-decoration: none; text-underline: none;\">.<\/span><\/span><\/p>\n<p class=\"MsoNormal\" style=\"margin-bottom: .0001pt; text-align: justify; line-height: normal;\"><span style=\"font-size: 8.0pt;\">\u00a0<\/span><\/p>\n<div style=\"mso-element: para-border-div; border: solid windowtext 1.0pt; mso-border-alt: solid windowtext .5pt; padding: 1.0pt 4.0pt 1.0pt 4.0pt; background: #E2EFD9; mso-background-themecolor: accent6; mso-background-themetint: 51;\">\n<p class=\"MsoNormal\" style=\"margin-bottom: .0001pt; text-align: center; line-height: normal; background: #E2EFD9; mso-background-themecolor: accent6; mso-background-themetint: 51; border: none; mso-border-alt: solid windowtext .5pt; padding: 0in; mso-padding-alt: 1.0pt 4.0pt 1.0pt 4.0pt;\" align=\"center\"><b><i>Ce date cu caracter personal prelucr\u0103m ?<span style=\"mso-spacerun: yes;\">\u00a0\u00a0\u00a0 <\/span>\u00cen ce scopuri ?<\/i><\/b><\/p>\n<\/div>\n<p class=\"MsoNormal\" style=\"margin-bottom: .0001pt; text-align: center; line-height: normal;\" align=\"center\"><i><span style=\"font-size: 8.0pt;\">\u00a0<\/span><\/i><\/p>\n<p class=\"MsoNormal\" style=\"margin-bottom: .0001pt; text-align: justify; line-height: normal;\">Prin Formularul de \u00eenscriere la \u201cStress Congress\u201d colect\u0103m urm\u0103toarele tipuri de date cu caracter personal:<\/p>\n<p class=\"MsoListParagraphCxSpFirst\" style=\"margin-bottom: .0001pt; mso-add-space: auto; text-align: justify; text-indent: -.25in; line-height: normal; mso-list: l0 level1 lfo1;\"><!-- [if !supportLists]--><span style=\"font-family: Wingdings; mso-fareast-font-family: Wingdings; mso-bidi-font-family: Wingdings;\"><span style=\"mso-list: Ignore;\">\u00fc<span style=\"font: 7.0pt 'Times New Roman';\">\u00a0 <\/span><\/span><\/span><!--[endif]-->Date de identificare: numele \u0219i prenumele, CUIM \/ CM,<\/p>\n<p class=\"MsoListParagraphCxSpMiddle\" style=\"margin-bottom: .0001pt; mso-add-space: auto; text-align: justify; text-indent: -.25in; line-height: normal; mso-list: l0 level1 lfo1;\"><!-- [if !supportLists]--><span style=\"font-family: Wingdings; mso-fareast-font-family: Wingdings; mso-bidi-font-family: Wingdings;\"><span style=\"mso-list: Ignore;\">\u00fc<span style=\"font: 7.0pt 'Times New Roman';\">\u00a0 <\/span><\/span><\/span><!--[endif]-->Date privind studiile \u0219i formarea profesional\u0103, locul de munc\u0103: <a name=\"_Hlk31296054\"><\/a>ocupa\u021bia, gradul profesional, specializarea \u0219i locul de munc\u0103,<\/p>\n<p class=\"MsoListParagraphCxSpLast\" style=\"margin-bottom: .0001pt; mso-add-space: auto; text-align: justify; text-indent: -.25in; line-height: normal; mso-list: l0 level1 lfo1;\"><!-- [if !supportLists]--><span style=\"font-family: Wingdings; mso-fareast-font-family: Wingdings; mso-bidi-font-family: Wingdings;\"><span style=\"mso-list: Ignore;\">\u00fc<span style=\"font: 7.0pt 'Times New Roman';\">\u00a0 <\/span><\/span><\/span><!--[endif]-->Date de contact: adresa de e-mail, num\u0103rul de telefon, adresa (ora\u0219 \u0219i jude\u021b).<\/p>\n<p class=\"MsoNormal\" style=\"margin-bottom: .0001pt; text-align: justify; line-height: normal;\">Prin procedura de \u00eenscriere, colect\u0103m de asemenea:<\/p>\n<p class=\"MsoListParagraphCxSpFirst\" style=\"margin-bottom: .0001pt; mso-add-space: auto; text-align: justify; text-indent: -.25in; line-height: normal; mso-list: l3 level1 lfo4;\"><!-- [if !supportLists]--><span style=\"font-family: Wingdings; mso-fareast-font-family: Wingdings; mso-bidi-font-family: Wingdings;\"><span style=\"mso-list: Ignore;\">\u00fc<span style=\"font: 7.0pt 'Times New Roman';\">\u00a0 <\/span><\/span><\/span><!--[endif]-->Date legate de pl<span lang=\"RO\" style=\"mso-ansi-language: RO;\">\u0103\u021bi, care se reflect\u0103 \u00een extrasele noastre bancare,<\/span><\/p>\n<p class=\"MsoListParagraphCxSpLast\" style=\"margin-bottom: .0001pt; mso-add-space: auto; text-align: justify; text-indent: -.25in; line-height: normal; mso-list: l3 level1 lfo4;\"><!-- [if !supportLists]--><span style=\"font-family: Wingdings; mso-fareast-font-family: Wingdings; mso-bidi-font-family: Wingdings;\"><span style=\"mso-list: Ignore;\">\u00fc<span style=\"font: 7.0pt 'Times New Roman';\">\u00a0 <\/span><\/span><\/span><!--[endif]-->Date de trafic: IP, cookie, \u00een timpul sesiunilor online.<\/p>\n<p class=\"MsoNormal\" style=\"margin-bottom: .0001pt; text-align: justify; line-height: normal;\">Datele men\u021bionate mai sus sunt prelucrate:<\/p>\n<p class=\"MsoListParagraphCxSpFirst\" style=\"mso-add-space: auto; text-align: justify; text-indent: -.25in; line-height: normal; mso-list: l2 level1 lfo2; margin: 0in 0in .0001pt .25in;\"><!-- [if !supportLists]--><span style=\"mso-bidi-font-family: Calibri; mso-bidi-theme-font: minor-latin;\"><span style=\"mso-list: Ignore;\">a)<span style=\"font: 7.0pt 'Times New Roman';\">\u00a0\u00a0\u00a0\u00a0\u00a0 <\/span><\/span><\/span><!--[endif]-->\u00cen scopul organiz\u0103rii \u201cStress Congress\u201d, pentru:<\/p>\n<p class=\"MsoListParagraphCxSpMiddle\" style=\"margin-bottom: .0001pt; mso-add-space: auto; text-align: justify; text-indent: -.25in; line-height: normal; mso-list: l1 level1 lfo3;\"><!-- [if !supportLists]--><span style=\"font-family: Wingdings; mso-fareast-font-family: Wingdings; mso-bidi-font-family: Wingdings;\"><span style=\"mso-list: Ignore;\">\u00fc<span style=\"font: 7.0pt 'Times New Roman';\">\u00a0 <\/span><\/span><\/span><!--[endif]-->\u00centocmirea listelor de participare, validarea \u00eenscrierilor, \u00eenregistrare \u0219i acces \u00een sala Congresului, c\u00e2t \u0219i pentru buna desf\u0103\u0219urare a evenimentului, pentru a putea s\u0103 v\u0103 transmitem comunic\u0103rile \u0219i materialele aferente \u201cStress Congress\u201d,<\/p>\n<p class=\"MsoListParagraphCxSpMiddle\" style=\"margin-bottom: .0001pt; mso-add-space: auto; text-align: justify; text-indent: -.25in; line-height: normal; mso-list: l1 level1 lfo3;\"><!-- [if !supportLists]--><span style=\"font-family: Wingdings; mso-fareast-font-family: Wingdings; mso-bidi-font-family: Wingdings;\"><span style=\"mso-list: Ignore;\">\u00fc<span style=\"font: 7.0pt 'Times New Roman';\">\u00a0 <\/span><\/span><\/span><!--[endif]-->Acordarea creditelor de c\u0103tre Colegiile Profesionale, emiterea diplomelor \u0219i realizarea rapoartelor post-eveniment solicitate de Colegiile Profesionale.<\/p>\n<p class=\"MsoListParagraphCxSpMiddle\" style=\"mso-add-space: auto; text-align: justify; text-indent: -.25in; line-height: normal; mso-list: l2 level1 lfo2; margin: 0in 0in .0001pt .25in;\"><!-- [if !supportLists]--><span style=\"mso-bidi-font-family: Calibri; mso-bidi-theme-font: minor-latin;\"><span style=\"mso-list: Ignore;\">b)<span style=\"font: 7.0pt 'Times New Roman';\">\u00a0\u00a0\u00a0\u00a0\u00a0 <\/span><\/span><\/span><!--[endif]-->De asemenea, prin Formularul de \u00eenscriere colect\u0103m adresa Dvs. de e-mail \u0219i num\u0103rul de telefon pentru a putea s\u0103 v\u0103 contact\u0103m \u0219i ulterior evenimentului, pentru comunic\u0103ri ce \u021bin de activitatea Funda\u021biei (newsletter), \u201cStress Congress\u201d, precum \u0219i alte scopuri compatibile cu acestea.<\/p>\n<p class=\"MsoListParagraphCxSpLast\" style=\"margin-bottom: .0001pt; mso-add-space: auto; line-height: normal;\"><span style=\"font-size: 8.0pt;\">\u00a0<\/span><\/p>\n<div style=\"mso-element: para-border-div; border: solid windowtext 1.0pt; mso-border-alt: solid windowtext .5pt; padding: 1.0pt 4.0pt 1.0pt 4.0pt; background: #E2EFD9; mso-background-themecolor: accent6; mso-background-themetint: 51;\">\n<p class=\"MsoNormal\" style=\"margin-bottom: .0001pt; text-align: center; line-height: normal; background: #E2EFD9; mso-background-themecolor: accent6; mso-background-themetint: 51; border: none; mso-border-alt: solid windowtext .5pt; padding: 0in; mso-padding-alt: 1.0pt 4.0pt 1.0pt 4.0pt;\" align=\"center\"><b><i>Unde se transmit datele Dvs. personale ?<\/i><\/b><\/p>\n<\/div>\n<p class=\"MsoNormal\" style=\"margin-bottom: .0001pt; text-align: center; line-height: normal;\" align=\"center\"><i><span style=\"font-size: 8.0pt;\">\u00a0<\/span><\/i><\/p>\n<p class=\"MsoNormal\" style=\"margin-bottom: .0001pt; text-align: justify; line-height: normal;\">Datele Dvs. personale vor fi prelucrate \u0219i p\u0103strate \u00een siguran\u021b\u0103 de c\u0103tre Funda\u021bia Ana Aslan Interna\u021bional \u0219i vor fi transmise doar c\u0103tre Colegiile Profesionale, \u00een scopul acord\u0103rii creditelor \u0219i eliber\u0103rii diplomelor de participare. Datele nu vor fi transmise c\u0103tre \u021b\u0103ri ter\u021be \u0219i\/sau organiza\u021bii interna\u021bionale.<\/p>\n<p class=\"MsoNormal\" style=\"margin-bottom: .0001pt; text-align: justify; line-height: normal;\"><span style=\"font-size: 8.0pt;\">\u00a0<\/span><\/p>\n<div style=\"mso-element: para-border-div; border: solid windowtext 1.0pt; mso-border-alt: solid windowtext .5pt; padding: 1.0pt 4.0pt 1.0pt 4.0pt; background: #E2EFD9; mso-background-themecolor: accent6; mso-background-themetint: 51;\">\n<p class=\"MsoNormal\" style=\"margin-bottom: .0001pt; text-align: center; line-height: normal; background: #E2EFD9; mso-background-themecolor: accent6; mso-background-themetint: 51; border: none; mso-border-alt: solid windowtext .5pt; padding: 0in; mso-padding-alt: 1.0pt 4.0pt 1.0pt 4.0pt;\" align=\"center\"><b><i>Pe ce perioad\u0103 p\u0103str\u0103m datele ?<\/i><\/b><\/p>\n<\/div>\n<p class=\"MsoListParagraph\" style=\"margin-bottom: .0001pt; mso-add-space: auto; line-height: normal;\"><span style=\"font-size: 8.0pt;\">\u00a0<\/span><\/p>\n<p class=\"MsoNormal\" style=\"margin-bottom: .0001pt; text-align: justify; line-height: normal;\">Datele cu caracter personal colectate \u00een scopul organiz\u0103rii \u201cStress Congress\u201d (numele \u0219i prenumele, CUIM \/ CM, ocupa\u021bia, gradul profesional, specializarea \u0219i locul de munc\u0103, adresa), vor fi p\u0103strate p\u00e2n\u0103 la realizarea scopurilor pentru care au fost colectate, respectiv \u00eenc\u0103 12 luni de la finalizarea evenimentului, \u00een scopul solu\u021bion\u0103rii eventualelor contesta\u021bii.<\/p>\n<p class=\"MsoNormal\" style=\"margin-bottom: .0001pt; text-align: justify; line-height: normal;\"><span style=\"font-size: 8.0pt;\">\u00a0<\/span><\/p>\n<p class=\"MsoNormal\" style=\"margin-bottom: .0001pt; text-align: justify; line-height: normal;\">Datele legate de plata taxei de \u00eenscriere<span lang=\"RO\" style=\"mso-ansi-language: RO;\">, care se reflect\u0103 \u00een extrasele noastre bancare<\/span>, vor fi p\u0103strate 10 ani, conform Legisla\u021biei fiscale \u00een vigoare.<\/p>\n<p class=\"MsoNormal\" style=\"margin-bottom: .0001pt; text-align: justify; line-height: normal;\"><span style=\"font-size: 8.0pt;\">\u00a0<\/span><\/p>\n<p class=\"MsoNormal\" style=\"margin-bottom: .0001pt; text-align: justify; line-height: normal;\">Datele de trafic (IP, cookie) vor fi p\u0103strate doar pe durata sesiunilor online, conform <span class=\"MsoHyperlink\">Politicii referitoare la cookie.<\/span><\/p>\n<p class=\"MsoNormal\" style=\"margin-bottom: .0001pt; text-align: justify; line-height: normal;\"><span style=\"font-size: 8.0pt;\">\u00a0<\/span><\/p>\n<div style=\"mso-element: para-border-div; border: solid windowtext 1.0pt; mso-border-alt: solid windowtext .5pt; padding: 1.0pt 4.0pt 1.0pt 4.0pt; background: #E2EFD9; mso-background-themecolor: accent6; mso-background-themetint: 51;\">\n<p class=\"MsoNormal\" style=\"margin-bottom: .0001pt; text-align: center; line-height: normal; background: #E2EFD9; mso-background-themecolor: accent6; mso-background-themetint: 51; border: none; mso-border-alt: solid windowtext .5pt; padding: 0in; mso-padding-alt: 1.0pt 4.0pt 1.0pt 4.0pt;\" align=\"center\"><b><i>Ce se \u00eent\u00e2mpl\u0103 dac\u0103 nu dori\u021bi ca datele Dvs. s\u0103 fie prelucrate ?<\/i><\/b><\/p>\n<\/div>\n<p class=\"MsoNormal\" style=\"margin-bottom: .0001pt; text-align: center; line-height: normal;\" align=\"center\"><i><span style=\"font-size: 8.0pt;\">\u00a0<\/span><\/i><\/p>\n<p class=\"MsoNormal\" style=\"margin-bottom: .0001pt; text-align: justify; line-height: normal;\">\u00cen situa\u021bia \u00een care nu dori\u021bi ca datele Dvs. personale s\u0103 fie prelucrate, vom fi \u00een imposibilitatea de a procesa \u0219i valida \u00eenscrierea \u0219i participarea Dvs. la \u201cStress Congress\u201d. Acordul sau opozi\u021bia Dvs. privind prelucrarea acestor date vor fi validate prin bifarea casu\u021belor corespunz\u0103toare (Sunt de acord \/ Nu sunt de acord).<\/p>\n<p class=\"MsoNormal\" style=\"margin-bottom: .0001pt; text-align: justify; line-height: normal;\"><span style=\"font-size: 8.0pt;\">\u00a0<\/span><\/p>\n<p class=\"MsoNormal\" style=\"margin-bottom: .0001pt; text-align: justify; line-height: normal;\">Datele personale colectate \u00een scopul comunic\u0103rilor ulterioare (adresa de e-mail \u0219i num\u0103rul de telefon) nu condi\u021bioneaz\u0103 \u00een niciun fel \u00eenscrierea la \u201cStress Congress\u201d. Consim\u021b\u0103m\u00e2ntul Dvs. liber exprimat prin bifarea c\u0103su\u021bei corespunz\u0103toare poate fi retras \u00een orice moment, fie prin accesarea link-urilor \u201cunsubscribe\u201d inserate <span lang=\"RO\" style=\"mso-ansi-language: RO;\">\u00ee<\/span>n newslettere, fie prin transmiterea unei solicit\u0103ri gratuite la adresa de e-mail <a href=\"mailto:dpo@anaaslanacademy.ro\">dpo@anaaslanacademy.ro<\/a>.<\/p>\n<p class=\"MsoNormal\" style=\"margin-bottom: .0001pt; text-align: center; line-height: normal;\" align=\"center\"><i><span style=\"font-size: 8.0pt;\">\u00a0<\/span><\/i><\/p>\n<div style=\"mso-element: para-border-div; border: solid windowtext 1.0pt; mso-border-alt: solid windowtext .5pt; padding: 1.0pt 4.0pt 1.0pt 4.0pt; background: #E2EFD9; mso-background-themecolor: accent6; mso-background-themetint: 51;\">\n<p class=\"MsoNormal\" style=\"margin-bottom: .0001pt; text-align: center; line-height: normal; background: #E2EFD9; mso-background-themecolor: accent6; mso-background-themetint: 51; border: none; mso-border-alt: solid windowtext .5pt; padding: 0in; mso-padding-alt: 1.0pt 4.0pt 1.0pt 4.0pt;\" align=\"center\"><b><i>Care sunt drepturile Dvs. cu privire la datele personale ?<\/i><\/b><\/p>\n<\/div>\n<p class=\"MsoNormal\" style=\"margin-bottom: .0001pt; text-align: center; line-height: normal;\" align=\"center\"><i><span style=\"font-size: 8.0pt;\">\u00a0<\/span><\/i><\/p>\n<p class=\"MsoNormal\" style=\"margin-bottom: .0001pt; text-align: justify; line-height: normal;\">Conform prevederilor Regulamentului UE 2016\/679, ave\u021bi dreptul de a solicita accesul la datele Dvs., rectificarea sau \u0219tergerea lor, restric\u021bionarea prelucr\u0103rii, ave\u021bi dreptul de a v\u0103 opune prelucr\u0103rii, precum \u0219i dreptul la portabilitatea datelor. De asemenea, ave\u021bi d<span lang=\"RO\" style=\"mso-ansi-language: RO;\">reptul de a depune o pl\u00e2ngere \u00een fa\u021ba autorit\u0103\u021bii de supraveghere (ANSPDCP). <\/span><\/p>\n<p class=\"MsoNormal\" style=\"margin-bottom: .0001pt; line-height: normal;\">\n","protected":false},"excerpt":{"rendered":"<p>INFORMARE PRIVIND PRELUCRAREA DATELOR CU CARACTER PERSONAL Av\u00e2nd \u00een vedere noile reglement\u0103ri cu privire la protec\u021bia datelor cu caracter personal, introduse prin Regulamentul UE 2016\/679, \u201cGDPR\u201d, ce reprezint\u0103 baza legisla\u021biei privind prelucrarea datelor cu caracter personal \u0219i a protec\u021biei acestor date pentru toate \u021b\u0103rile membre UE, dorim s\u0103 v\u0103 garant\u0103m angajamentul nostru ferm de a&hellip; <br \/> <a class=\"button small blue\" href=\"https:\/\/stresscongress.org\/en\/gdpr\/\">Read more<\/a><\/p>","protected":false},"author":1,"featured_media":0,"parent":0,"menu_order":0,"comment_status":"closed","ping_status":"closed","template":"","meta":{"footnotes":""},"class_list":["post-1456","page","type-page","status-publish","hentry"],"yoast_head":"<!-- This site is optimized with the Yoast SEO plugin v27.5 - https:\/\/yoast.com\/product\/yoast-seo-wordpress\/ -->\n<title>GDPR - Stress Congress<\/title>\n<meta name=\"robots\" content=\"noindex, follow\" \/>\n<meta property=\"og:locale\" content=\"en_US\" \/>\n<meta property=\"og:type\" content=\"article\" \/>\n<meta property=\"og:title\" content=\"GDPR - Stress Congress\" \/>\n<meta property=\"og:description\" content=\"INFORMARE PRIVIND PRELUCRAREA DATELOR CU CARACTER PERSONAL Av\u00e2nd \u00een vedere noile reglement\u0103ri cu privire la protec\u021bia datelor cu caracter personal, introduse prin Regulamentul UE 2016\/679, \u201cGDPR\u201d, ce reprezint\u0103 baza legisla\u021biei privind prelucrarea datelor cu caracter personal \u0219i a protec\u021biei acestor date pentru toate \u021b\u0103rile membre UE, dorim s\u0103 v\u0103 garant\u0103m angajamentul nostru ferm de a&hellip; Read more\" \/>\n<meta property=\"og:url\" content=\"https:\/\/stresscongress.org\/en\/gdpr\/\" \/>\n<meta property=\"og:site_name\" content=\"Stress Congress\" \/>\n<meta property=\"article:publisher\" content=\"https:\/\/www.facebook.com\/AnaAslanInternationalFoundation\/\" \/>\n<meta property=\"article:modified_time\" content=\"2020-02-11T20:58:16+00:00\" \/>\n<meta name=\"twitter:card\" content=\"summary_large_image\" \/>\n<meta name=\"twitter:label1\" content=\"Est. reading time\" \/>\n\t<meta name=\"twitter:data1\" content=\"4 minutes\" \/>\n<script type=\"application\/ld+json\" class=\"yoast-schema-graph\">{\"@context\":\"https:\\\/\\\/schema.org\",\"@graph\":[{\"@type\":\"WebPage\",\"@id\":\"https:\\\/\\\/stresscongress.org\\\/gdpr\\\/\",\"url\":\"https:\\\/\\\/stresscongress.org\\\/gdpr\\\/\",\"name\":\"GDPR - Stress Congress\",\"isPartOf\":{\"@id\":\"https:\\\/\\\/stresscongress.org\\\/#website\"},\"datePublished\":\"2020-01-23T22:24:07+00:00\",\"dateModified\":\"2020-02-11T20:58:16+00:00\",\"breadcrumb\":{\"@id\":\"https:\\\/\\\/stresscongress.org\\\/gdpr\\\/#breadcrumb\"},\"inLanguage\":\"en-US\",\"potentialAction\":[{\"@type\":\"ReadAction\",\"target\":[\"https:\\\/\\\/stresscongress.org\\\/gdpr\\\/\"]}]},{\"@type\":\"BreadcrumbList\",\"@id\":\"https:\\\/\\\/stresscongress.org\\\/gdpr\\\/#breadcrumb\",\"itemListElement\":[{\"@type\":\"ListItem\",\"position\":1,\"name\":\"Prima pagin\u0103\",\"item\":\"https:\\\/\\\/stresscongress.org\\\/\"},{\"@type\":\"ListItem\",\"position\":2,\"name\":\"GDPR\"}]},{\"@type\":\"WebSite\",\"@id\":\"https:\\\/\\\/stresscongress.org\\\/#website\",\"url\":\"https:\\\/\\\/stresscongress.org\\\/\",\"name\":\"Stress Congress\",\"description\":\"Un eveniment  al Funda\u021biei &quot;Ana Aslan&quot; Interna\u021bional\",\"publisher\":{\"@id\":\"https:\\\/\\\/stresscongress.org\\\/#organization\"},\"potentialAction\":[{\"@type\":\"SearchAction\",\"target\":{\"@type\":\"EntryPoint\",\"urlTemplate\":\"https:\\\/\\\/stresscongress.org\\\/?s={search_term_string}\"},\"query-input\":{\"@type\":\"PropertyValueSpecification\",\"valueRequired\":true,\"valueName\":\"search_term_string\"}}],\"inLanguage\":\"en-US\"},{\"@type\":\"Organization\",\"@id\":\"https:\\\/\\\/stresscongress.org\\\/#organization\",\"name\":\"Stress Congress\",\"url\":\"https:\\\/\\\/stresscongress.org\\\/\",\"logo\":{\"@type\":\"ImageObject\",\"inLanguage\":\"en-US\",\"@id\":\"https:\\\/\\\/stresscongress.org\\\/#\\\/schema\\\/logo\\\/image\\\/\",\"url\":\"https:\\\/\\\/stresscongress.org\\\/wp-content\\\/uploads\\\/2019\\\/12\\\/Stress-Congress-Logo-2018.png\",\"contentUrl\":\"https:\\\/\\\/stresscongress.org\\\/wp-content\\\/uploads\\\/2019\\\/12\\\/Stress-Congress-Logo-2018.png\",\"width\":4000,\"height\":1613,\"caption\":\"Stress Congress\"},\"image\":{\"@id\":\"https:\\\/\\\/stresscongress.org\\\/#\\\/schema\\\/logo\\\/image\\\/\"},\"sameAs\":[\"https:\\\/\\\/www.facebook.com\\\/AnaAslanInternationalFoundation\\\/\",\"https:\\\/\\\/www.linkedin.com\\\/company\\\/ana-aslan-international-academy-of-ageing\"]}]}<\/script>\n<!-- \/ Yoast SEO plugin. -->","yoast_head_json":{"title":"GDPR - Stress Congress","robots":{"index":"noindex","follow":"follow"},"og_locale":"en_US","og_type":"article","og_title":"GDPR - Stress Congress","og_description":"INFORMARE PRIVIND PRELUCRAREA DATELOR CU CARACTER PERSONAL Av\u00e2nd \u00een vedere noile reglement\u0103ri cu privire la protec\u021bia datelor cu caracter personal, introduse prin Regulamentul UE 2016\/679, \u201cGDPR\u201d, ce reprezint\u0103 baza legisla\u021biei privind prelucrarea datelor cu caracter personal \u0219i a protec\u021biei acestor date pentru toate \u021b\u0103rile membre UE, dorim s\u0103 v\u0103 garant\u0103m angajamentul nostru ferm de a&hellip; Read more","og_url":"https:\/\/stresscongress.org\/en\/gdpr\/","og_site_name":"Stress Congress","article_publisher":"https:\/\/www.facebook.com\/AnaAslanInternationalFoundation\/","article_modified_time":"2020-02-11T20:58:16+00:00","twitter_card":"summary_large_image","twitter_misc":{"Est. reading time":"4 minutes"},"schema":{"@context":"https:\/\/schema.org","@graph":[{"@type":"WebPage","@id":"https:\/\/stresscongress.org\/gdpr\/","url":"https:\/\/stresscongress.org\/gdpr\/","name":"GDPR - Stress Congress","isPartOf":{"@id":"https:\/\/stresscongress.org\/#website"},"datePublished":"2020-01-23T22:24:07+00:00","dateModified":"2020-02-11T20:58:16+00:00","breadcrumb":{"@id":"https:\/\/stresscongress.org\/gdpr\/#breadcrumb"},"inLanguage":"en-US","potentialAction":[{"@type":"ReadAction","target":["https:\/\/stresscongress.org\/gdpr\/"]}]},{"@type":"BreadcrumbList","@id":"https:\/\/stresscongress.org\/gdpr\/#breadcrumb","itemListElement":[{"@type":"ListItem","position":1,"name":"Prima pagin\u0103","item":"https:\/\/stresscongress.org\/"},{"@type":"ListItem","position":2,"name":"GDPR"}]},{"@type":"WebSite","@id":"https:\/\/stresscongress.org\/#website","url":"https:\/\/stresscongress.org\/","name":"Stress Congress","description":"Un eveniment  al Funda\u021biei &quot;Ana Aslan&quot; Interna\u021bional","publisher":{"@id":"https:\/\/stresscongress.org\/#organization"},"potentialAction":[{"@type":"SearchAction","target":{"@type":"EntryPoint","urlTemplate":"https:\/\/stresscongress.org\/?s={search_term_string}"},"query-input":{"@type":"PropertyValueSpecification","valueRequired":true,"valueName":"search_term_string"}}],"inLanguage":"en-US"},{"@type":"Organization","@id":"https:\/\/stresscongress.org\/#organization","name":"Stress Congress","url":"https:\/\/stresscongress.org\/","logo":{"@type":"ImageObject","inLanguage":"en-US","@id":"https:\/\/stresscongress.org\/#\/schema\/logo\/image\/","url":"https:\/\/stresscongress.org\/wp-content\/uploads\/2019\/12\/Stress-Congress-Logo-2018.png","contentUrl":"https:\/\/stresscongress.org\/wp-content\/uploads\/2019\/12\/Stress-Congress-Logo-2018.png","width":4000,"height":1613,"caption":"Stress Congress"},"image":{"@id":"https:\/\/stresscongress.org\/#\/schema\/logo\/image\/"},"sameAs":["https:\/\/www.facebook.com\/AnaAslanInternationalFoundation\/","https:\/\/www.linkedin.com\/company\/ana-aslan-international-academy-of-ageing"]}]}},"_links":{"self":[{"href":"https:\/\/stresscongress.org\/en\/wp-json\/wp\/v2\/pages\/1456","targetHints":{"allow":["GET"]}}],"collection":[{"href":"https:\/\/stresscongress.org\/en\/wp-json\/wp\/v2\/pages"}],"about":[{"href":"https:\/\/stresscongress.org\/en\/wp-json\/wp\/v2\/types\/page"}],"author":[{"embeddable":true,"href":"https:\/\/stresscongress.org\/en\/wp-json\/wp\/v2\/users\/1"}],"replies":[{"embeddable":true,"href":"https:\/\/stresscongress.org\/en\/wp-json\/wp\/v2\/comments?post=1456"}],"version-history":[{"count":0,"href":"https:\/\/stresscongress.org\/en\/wp-json\/wp\/v2\/pages\/1456\/revisions"}],"wp:attachment":[{"href":"https:\/\/stresscongress.org\/en\/wp-json\/wp\/v2\/media?parent=1456"}],"curies":[{"name":"wp","href":"https:\/\/api.w.org\/{rel}","templated":true}]}}